{"id":6415,"date":"2024-11-27T07:16:17","date_gmt":"2024-11-27T07:16:17","guid":{"rendered":"https:\/\/photo-design.studio\/?page_id=6415"},"modified":"2024-11-27T07:35:54","modified_gmt":"2024-11-27T07:35:54","slug":"info-studio-bandlkramerey-seewalchen","status":"publish","type":"page","link":"https:\/\/photo-design.studio\/?page_id=6415","title":{"rendered":"Info STUDIO BANDLKRAMEREY Seewalchen"},"content":{"rendered":"\n<p>Wir freuen uns sehr auf das Fotoshooting mit dir\/euch in der Bandlkramerey Seewalchen.<\/p>\n\n\n\n<figure class=\"wp-block-gallery has-nested-images columns-default is-cropped wp-block-gallery-1 is-layout-flex wp-block-gallery-is-layout-flex\">\n<figure class=\"wp-block-image size-large\"><img loading=\"lazy\" decoding=\"async\" width=\"1024\" height=\"683\" data-id=\"6428\" src=\"https:\/\/photo-design.studio\/wp-content\/uploads\/2024\/11\/Bandlkramerey-Nov2024-photoDESIGN-Lacher-36-1024x683.jpg\" alt=\"\" class=\"wp-image-6428\" srcset=\"https:\/\/photo-design.studio\/wp-content\/uploads\/2024\/11\/Bandlkramerey-Nov2024-photoDESIGN-Lacher-36-1024x683.jpg 1024w, https:\/\/photo-design.studio\/wp-content\/uploads\/2024\/11\/Bandlkramerey-Nov2024-photoDESIGN-Lacher-36-300x200.jpg 300w, https:\/\/photo-design.studio\/wp-content\/uploads\/2024\/11\/Bandlkramerey-Nov2024-photoDESIGN-Lacher-36-768x512.jpg 768w, https:\/\/photo-design.studio\/wp-content\/uploads\/2024\/11\/Bandlkramerey-Nov2024-photoDESIGN-Lacher-36-1536x1024.jpg 1536w, https:\/\/photo-design.studio\/wp-content\/uploads\/2024\/11\/Bandlkramerey-Nov2024-photoDESIGN-Lacher-36-2048x1365.jpg 2048w, https:\/\/photo-design.studio\/wp-content\/uploads\/2024\/11\/Bandlkramerey-Nov2024-photoDESIGN-Lacher-36-1140x760.jpg 1140w\" sizes=\"(max-width: 1024px) 100vw, 1024px\" \/><\/figure>\n\n\n\n<figure class=\"wp-block-image size-large\"><img loading=\"lazy\" decoding=\"async\" width=\"1024\" height=\"683\" data-id=\"6422\" src=\"https:\/\/photo-design.studio\/wp-content\/uploads\/2024\/11\/Bandlkramerey-Nov2024-photoDESIGN-Lacher-19-1024x683.jpg\" alt=\"\" class=\"wp-image-6422\" srcset=\"https:\/\/photo-design.studio\/wp-content\/uploads\/2024\/11\/Bandlkramerey-Nov2024-photoDESIGN-Lacher-19-1024x683.jpg 1024w, https:\/\/photo-design.studio\/wp-content\/uploads\/2024\/11\/Bandlkramerey-Nov2024-photoDESIGN-Lacher-19-300x200.jpg 300w, https:\/\/photo-design.studio\/wp-content\/uploads\/2024\/11\/Bandlkramerey-Nov2024-photoDESIGN-Lacher-19-768x512.jpg 768w, https:\/\/photo-design.studio\/wp-content\/uploads\/2024\/11\/Bandlkramerey-Nov2024-photoDESIGN-Lacher-19-1536x1024.jpg 1536w, https:\/\/photo-design.studio\/wp-content\/uploads\/2024\/11\/Bandlkramerey-Nov2024-photoDESIGN-Lacher-19-2048x1365.jpg 2048w, https:\/\/photo-design.studio\/wp-content\/uploads\/2024\/11\/Bandlkramerey-Nov2024-photoDESIGN-Lacher-19-1140x760.jpg 1140w\" sizes=\"(max-width: 1024px) 100vw, 1024px\" \/><\/figure>\n\n\n\n<figure class=\"wp-block-image size-large\"><img loading=\"lazy\" decoding=\"async\" width=\"1024\" height=\"683\" data-id=\"6424\" src=\"https:\/\/photo-design.studio\/wp-content\/uploads\/2024\/11\/Bandlkramerey-Nov2024-photoDESIGN-Lacher-15-1024x683.jpg\" alt=\"\" class=\"wp-image-6424\" srcset=\"https:\/\/photo-design.studio\/wp-content\/uploads\/2024\/11\/Bandlkramerey-Nov2024-photoDESIGN-Lacher-15-1024x683.jpg 1024w, https:\/\/photo-design.studio\/wp-content\/uploads\/2024\/11\/Bandlkramerey-Nov2024-photoDESIGN-Lacher-15-300x200.jpg 300w, https:\/\/photo-design.studio\/wp-content\/uploads\/2024\/11\/Bandlkramerey-Nov2024-photoDESIGN-Lacher-15-768x512.jpg 768w, https:\/\/photo-design.studio\/wp-content\/uploads\/2024\/11\/Bandlkramerey-Nov2024-photoDESIGN-Lacher-15-1536x1024.jpg 1536w, https:\/\/photo-design.studio\/wp-content\/uploads\/2024\/11\/Bandlkramerey-Nov2024-photoDESIGN-Lacher-15-2048x1365.jpg 2048w, https:\/\/photo-design.studio\/wp-content\/uploads\/2024\/11\/Bandlkramerey-Nov2024-photoDESIGN-Lacher-15-1140x760.jpg 1140w\" sizes=\"(max-width: 1024px) 100vw, 1024px\" \/><\/figure>\n\n\n\n<figure class=\"wp-block-image size-large\"><img loading=\"lazy\" decoding=\"async\" width=\"1024\" height=\"683\" data-id=\"6430\" src=\"https:\/\/photo-design.studio\/wp-content\/uploads\/2024\/11\/Bandlkramerey-Nov2024-photoDESIGN-Lacher-7-1024x683.jpg\" alt=\"\" class=\"wp-image-6430\" srcset=\"https:\/\/photo-design.studio\/wp-content\/uploads\/2024\/11\/Bandlkramerey-Nov2024-photoDESIGN-Lacher-7-1024x683.jpg 1024w, https:\/\/photo-design.studio\/wp-content\/uploads\/2024\/11\/Bandlkramerey-Nov2024-photoDESIGN-Lacher-7-300x200.jpg 300w, https:\/\/photo-design.studio\/wp-content\/uploads\/2024\/11\/Bandlkramerey-Nov2024-photoDESIGN-Lacher-7-768x512.jpg 768w, https:\/\/photo-design.studio\/wp-content\/uploads\/2024\/11\/Bandlkramerey-Nov2024-photoDESIGN-Lacher-7-1536x1024.jpg 1536w, https:\/\/photo-design.studio\/wp-content\/uploads\/2024\/11\/Bandlkramerey-Nov2024-photoDESIGN-Lacher-7-2048x1365.jpg 2048w, https:\/\/photo-design.studio\/wp-content\/uploads\/2024\/11\/Bandlkramerey-Nov2024-photoDESIGN-Lacher-7-1140x760.jpg 1140w\" sizes=\"(max-width: 1024px) 100vw, 1024px\" \/><\/figure>\n\n\n\n<figure class=\"wp-block-image size-large\"><img loading=\"lazy\" decoding=\"async\" width=\"1024\" height=\"683\" data-id=\"6425\" src=\"https:\/\/photo-design.studio\/wp-content\/uploads\/2024\/11\/Bandlkramerey-Nov2024-photoDESIGN-Lacher-4-1024x683.jpg\" alt=\"\" class=\"wp-image-6425\" srcset=\"https:\/\/photo-design.studio\/wp-content\/uploads\/2024\/11\/Bandlkramerey-Nov2024-photoDESIGN-Lacher-4-1024x683.jpg 1024w, https:\/\/photo-design.studio\/wp-content\/uploads\/2024\/11\/Bandlkramerey-Nov2024-photoDESIGN-Lacher-4-300x200.jpg 300w, https:\/\/photo-design.studio\/wp-content\/uploads\/2024\/11\/Bandlkramerey-Nov2024-photoDESIGN-Lacher-4-768x512.jpg 768w, https:\/\/photo-design.studio\/wp-content\/uploads\/2024\/11\/Bandlkramerey-Nov2024-photoDESIGN-Lacher-4-1536x1024.jpg 1536w, https:\/\/photo-design.studio\/wp-content\/uploads\/2024\/11\/Bandlkramerey-Nov2024-photoDESIGN-Lacher-4-2048x1365.jpg 2048w, https:\/\/photo-design.studio\/wp-content\/uploads\/2024\/11\/Bandlkramerey-Nov2024-photoDESIGN-Lacher-4-1140x760.jpg 1140w\" sizes=\"(max-width: 1024px) 100vw, 1024px\" \/><\/figure>\n\n\n\n<figure class=\"wp-block-image size-large\"><img loading=\"lazy\" decoding=\"async\" width=\"1024\" height=\"683\" data-id=\"6429\" src=\"https:\/\/photo-design.studio\/wp-content\/uploads\/2024\/11\/Bandlkramerey-Nov2024-photoDESIGN-Lacher-3-1024x683.jpg\" alt=\"\" class=\"wp-image-6429\" srcset=\"https:\/\/photo-design.studio\/wp-content\/uploads\/2024\/11\/Bandlkramerey-Nov2024-photoDESIGN-Lacher-3-1024x683.jpg 1024w, https:\/\/photo-design.studio\/wp-content\/uploads\/2024\/11\/Bandlkramerey-Nov2024-photoDESIGN-Lacher-3-300x200.jpg 300w, https:\/\/photo-design.studio\/wp-content\/uploads\/2024\/11\/Bandlkramerey-Nov2024-photoDESIGN-Lacher-3-768x512.jpg 768w, https:\/\/photo-design.studio\/wp-content\/uploads\/2024\/11\/Bandlkramerey-Nov2024-photoDESIGN-Lacher-3-1536x1024.jpg 1536w, https:\/\/photo-design.studio\/wp-content\/uploads\/2024\/11\/Bandlkramerey-Nov2024-photoDESIGN-Lacher-3-2048x1365.jpg 2048w, https:\/\/photo-design.studio\/wp-content\/uploads\/2024\/11\/Bandlkramerey-Nov2024-photoDESIGN-Lacher-3-1140x760.jpg 1140w\" sizes=\"(max-width: 1024px) 100vw, 1024px\" \/><\/figure>\n<\/figure>\n\n\n\n<p class=\"has-medium-font-size\"><strong>Standort\/Parken:<\/strong><\/p>\n\n\n\n<p><strong>Adresse: Hauptstra\u00dfe 4, 4863 Seewalchen am Attersee<\/strong><\/p>\n\n\n\n<p>Unser Fotostudio befindet sich im ersten Stock: <strong>&#8218;Beauty&amp;Lifestyle in der Bandlkramerey&#8216;<\/strong><\/p>\n\n\n\n<p>Vom Parkplatz (Schotter) aus durch den Garten (nicht gerade ins Kaffee) sondern links durch das Holztor und den Seiteneingang in den ersten Stock!<\/p>\n\n\n\n<figure class=\"wp-block-gallery has-nested-images columns-default is-cropped wp-block-gallery-2 is-layout-flex wp-block-gallery-is-layout-flex\">\n<figure class=\"wp-block-image size-large\"><img loading=\"lazy\" decoding=\"async\" width=\"940\" height=\"900\" data-id=\"6416\" src=\"https:\/\/photo-design.studio\/wp-content\/uploads\/2024\/11\/Bildschirmfoto-2024-11-27-um-08.15.49.png\" alt=\"\" class=\"wp-image-6416\" srcset=\"https:\/\/photo-design.studio\/wp-content\/uploads\/2024\/11\/Bildschirmfoto-2024-11-27-um-08.15.49.png 940w, https:\/\/photo-design.studio\/wp-content\/uploads\/2024\/11\/Bildschirmfoto-2024-11-27-um-08.15.49-300x287.png 300w, https:\/\/photo-design.studio\/wp-content\/uploads\/2024\/11\/Bildschirmfoto-2024-11-27-um-08.15.49-768x735.png 768w\" sizes=\"(max-width: 940px) 100vw, 940px\" \/><\/figure>\n<\/figure>\n\n\n\n<p><strong>Outfit\/Schuhe\/Socken:<\/strong><\/p>\n\n\n\n<p>An der Garderobe im 1. Stock bitte Jacken und Schuhe ablegen. Das Studio darf nicht mit Strassenschuhen betreten werden. Bitte f\u00fcr das Fotoshooting saubere Schuhe (Schuhsohle sauber) mitnehmen oder in Socken\/barfuss.<\/p>\n\n\n\n<p><strong>Outfit Weihnachtsfotoshooting:<\/strong><\/p>\n\n\n\n<p>Elegant zum Stil der Bandlkramerey passend, in Weihnachtspullis oder l\u00e4ssig in Jeans und wei\u00df &#8211; ganz wie ihr m\u00f6chtet! <strong>Wir freuen uns sehr auf euch, Karin, Loretta und Alexandra<\/strong><\/p>\n\n\n\n<p><strong>Make Up by Alexandra Ott:<\/strong> Bitte Anmeldung direkt bei Alexandra: <a>alexandra.ott@outlook.com<\/a><\/p>\n\n\n\n<figure class=\"wp-block-gallery has-nested-images columns-default is-cropped wp-block-gallery-3 is-layout-flex wp-block-gallery-is-layout-flex\">\n<figure class=\"wp-block-image size-large\"><img loading=\"lazy\" decoding=\"async\" width=\"724\" height=\"1024\" data-id=\"6333\" src=\"https:\/\/photo-design.studio\/wp-content\/uploads\/2024\/10\/WhatsApp-Image-2024-10-26-at-15.10.44-724x1024.jpeg\" alt=\"\" class=\"wp-image-6333\" srcset=\"https:\/\/photo-design.studio\/wp-content\/uploads\/2024\/10\/WhatsApp-Image-2024-10-26-at-15.10.44-724x1024.jpeg 724w, https:\/\/photo-design.studio\/wp-content\/uploads\/2024\/10\/WhatsApp-Image-2024-10-26-at-15.10.44-212x300.jpeg 212w, https:\/\/photo-design.studio\/wp-content\/uploads\/2024\/10\/WhatsApp-Image-2024-10-26-at-15.10.44-768x1086.jpeg 768w, https:\/\/photo-design.studio\/wp-content\/uploads\/2024\/10\/WhatsApp-Image-2024-10-26-at-15.10.44-1086x1536.jpeg 1086w, https:\/\/photo-design.studio\/wp-content\/uploads\/2024\/10\/WhatsApp-Image-2024-10-26-at-15.10.44-1140x1612.jpeg 1140w, https:\/\/photo-design.studio\/wp-content\/uploads\/2024\/10\/WhatsApp-Image-2024-10-26-at-15.10.44.jpeg 1448w\" sizes=\"(max-width: 724px) 100vw, 724px\" \/><\/figure>\n<\/figure>\n\n\n\n<figure class=\"wp-block-gallery has-nested-images columns-default is-cropped wp-block-gallery-4 is-layout-flex wp-block-gallery-is-layout-flex\">\n<figure class=\"wp-block-image size-large\"><img loading=\"lazy\" decoding=\"async\" width=\"1024\" height=\"683\" data-id=\"6422\" src=\"https:\/\/photo-design.studio\/wp-content\/uploads\/2024\/11\/Bandlkramerey-Nov2024-photoDESIGN-Lacher-19-1024x683.jpg\" alt=\"\" class=\"wp-image-6422\" srcset=\"https:\/\/photo-design.studio\/wp-content\/uploads\/2024\/11\/Bandlkramerey-Nov2024-photoDESIGN-Lacher-19-1024x683.jpg 1024w, https:\/\/photo-design.studio\/wp-content\/uploads\/2024\/11\/Bandlkramerey-Nov2024-photoDESIGN-Lacher-19-300x200.jpg 300w, https:\/\/photo-design.studio\/wp-content\/uploads\/2024\/11\/Bandlkramerey-Nov2024-photoDESIGN-Lacher-19-768x512.jpg 768w, https:\/\/photo-design.studio\/wp-content\/uploads\/2024\/11\/Bandlkramerey-Nov2024-photoDESIGN-Lacher-19-1536x1024.jpg 1536w, https:\/\/photo-design.studio\/wp-content\/uploads\/2024\/11\/Bandlkramerey-Nov2024-photoDESIGN-Lacher-19-2048x1365.jpg 2048w, https:\/\/photo-design.studio\/wp-content\/uploads\/2024\/11\/Bandlkramerey-Nov2024-photoDESIGN-Lacher-19-1140x760.jpg 1140w\" sizes=\"(max-width: 1024px) 100vw, 1024px\" \/><\/figure>\n<\/figure>\n","protected":false},"excerpt":{"rendered":"<p>Wir freuen uns sehr auf das Fotoshooting mit dir\/euch in der Bandlkramerey Seewalchen. Standort\/Parken: Adresse: Hauptstra\u00dfe 4, 4863 Seewalchen am Attersee Unser Fotostudio befindet sich im ersten Stock: &#8218;Beauty&amp;Lifestyle in der Bandlkramerey&#8216; Vom Parkplatz (Schotter) aus durch den Garten (nicht gerade ins Kaffee) sondern links durch das Holztor und den Seiteneingang in den ersten Stock! Outfit\/Schuhe\/Socken: An der Garderobe im 1. Stock bitte Jacken und Schuhe ablegen. Das Studio darf nicht mit Strassenschuhen betreten werden. Bitte f\u00fcr das Fotoshooting saubere Schuhe (Schuhsohle sauber) mitnehmen oder in Socken\/barfuss. Outfit Weihnachtsfotoshooting: Elegant zum Stil der Bandlkramerey passend, in Weihnachtspullis oder l\u00e4ssig in Jeans und wei\u00df &#8211; ganz wie ihr m\u00f6chtet! Wir freuen uns sehr auf euch, Karin, Loretta und Alexandra Make Up by Alexandra Ott: Bitte Anmeldung direkt bei Alexandra: alexandra.ott@outlook.com<\/p>\n","protected":false},"author":1,"featured_media":0,"parent":0,"menu_order":0,"comment_status":"closed","ping_status":"closed","template":"","meta":{"footnotes":""},"_links":{"self":[{"href":"https:\/\/photo-design.studio\/index.php?rest_route=\/wp\/v2\/pages\/6415"}],"collection":[{"href":"https:\/\/photo-design.studio\/index.php?rest_route=\/wp\/v2\/pages"}],"about":[{"href":"https:\/\/photo-design.studio\/index.php?rest_route=\/wp\/v2\/types\/page"}],"author":[{"embeddable":true,"href":"https:\/\/photo-design.studio\/index.php?rest_route=\/wp\/v2\/users\/1"}],"replies":[{"embeddable":true,"href":"https:\/\/photo-design.studio\/index.php?rest_route=%2Fwp%2Fv2%2Fcomments&post=6415"}],"version-history":[{"count":7,"href":"https:\/\/photo-design.studio\/index.php?rest_route=\/wp\/v2\/pages\/6415\/revisions"}],"predecessor-version":[{"id":6438,"href":"https:\/\/photo-design.studio\/index.php?rest_route=\/wp\/v2\/pages\/6415\/revisions\/6438"}],"wp:attachment":[{"href":"https:\/\/photo-design.studio\/index.php?rest_route=%2Fwp%2Fv2%2Fmedia&parent=6415"}],"curies":[{"name":"wp","href":"https:\/\/api.w.org\/{rel}","templated":true}]}}